{"id":286,"date":"2017-04-04T17:25:36","date_gmt":"2017-04-04T15:25:36","guid":{"rendered":"http:\/\/www.albergodellapace.it\/?page_id=286"},"modified":"2018-04-28T16:32:40","modified_gmt":"2018-04-28T14:32:40","slug":"escursioni-a-piedi","status":"publish","type":"page","link":"https:\/\/www.albergodellapace.it\/fr\/escursioni-a-piedi\/","title":{"rendered":"Randonn\u00e9es \u00e0 pieds"},"content":{"rendered":"<p><strong>Barma Granda e i siti di interesse comunitario<\/strong><\/p>\n<p><img loading=\"lazy\" decoding=\"async\" class=\"alignnone size-full wp-image-516\" src=\"https:\/\/www.albergodellapace.it\/wp-content\/uploads\/2017\/05\/mappabarmagranda.jpg\" alt=\"\" width=\"670\" height=\"424\" \/><\/p>\n<table style=\"width: 691px; height: 215px;\">\n<tbody>\n<tr style=\"height: 24px;\">\n<td style=\"height: 24px; width: 251px;\">Luogo di partenza:<\/td>\n<td style=\"height: 24px; width: 430px;\"><strong>Pradleves, piazza del Municipio<\/strong><\/td>\n<\/tr>\n<tr style=\"height: 24px;\">\n<td style=\"height: 24px; width: 251px;\">Partenza \/ Arrivo: (m s.l.m.)<\/td>\n<td style=\"height: 24px; width: 430px;\"><strong>800<\/strong><\/td>\n<\/tr>\n<tr style=\"height: 24px;\">\n<td style=\"height: 24px; width: 251px;\">Tempo di percorrenza:<\/td>\n<td style=\"height: 24px; width: 430px;\"><strong>4h<\/strong><\/td>\n<\/tr>\n<tr style=\"height: 24px;\">\n<td style=\"height: 24px; width: 251px;\">Dislivello:<\/td>\n<td style=\"height: 24px; width: 430px;\"><strong>d+ 350<\/strong><\/td>\n<\/tr>\n<tr style=\"height: 24px;\">\n<td style=\"height: 24px; width: 251px;\">Quota massima:<\/td>\n<td style=\"height: 24px; width: 430px;\"><strong>1150 m s.l.m.<\/strong><\/td>\n<\/tr>\n<tr style=\"height: 24px;\">\n<td style=\"height: 24px; width: 251px;\">Tipo itinerario: anello o lineare<\/td>\n<td style=\"height: 24px; width: 430px;\"><strong>Anello con breve digressione<\/strong><\/td>\n<\/tr>\n<tr style=\"height: 24px;\">\n<td style=\"height: 24px; width: 251px;\">Difficolt\u00e0:<\/td>\n<td style=\"height: 24px; width: 430px;\"><strong>E, Itinerario privo di difficolt\u00e0 tecniche particolari, scarsit\u00e0 di acqua sul percorso in alcuni periodi dell&rsquo;anno<\/strong><\/td>\n<\/tr>\n<\/tbody>\n<\/table>\n<p>&nbsp;<\/p>\n<p><strong>Bivacco Rousset<\/strong><\/p>\n<p><img loading=\"lazy\" decoding=\"async\" class=\"alignnone size-full wp-image-516\" src=\"https:\/\/www.albergodellapace.it\/wp-content\/uploads\/2017\/05\/mappabivacco.jpg\" alt=\"\" width=\"670\" height=\"424\" \/><\/p>\n<table style=\"width: 691px; height: 215px;\">\n<tbody>\n<tr style=\"height: 24px;\">\n<td style=\"height: 24px; width: 251px;\">Luogo di partenza:<\/td>\n<td style=\"height: 24px; width: 430px;\"><strong>Frise<\/strong><\/td>\n<\/tr>\n<tr style=\"height: 24px;\">\n<td style=\"height: 24px; width: 251px;\">Partenza \/ Arrivo: (m s.l.m.)<\/td>\n<td style=\"height: 24px; width: 430px;\"><strong>1300<\/strong><\/td>\n<\/tr>\n<tr style=\"height: 24px;\">\n<td style=\"height: 24px; width: 251px;\">Tempo di percorrenza:<\/td>\n<td style=\"height: 24px; width: 430px;\"><strong>a\/r 4h<\/strong><\/td>\n<\/tr>\n<tr style=\"height: 24px;\">\n<td style=\"height: 24px; width: 251px;\">Dislivello:<\/td>\n<td style=\"height: 24px; width: 430px;\"><strong>d+ 600m<\/strong><\/td>\n<\/tr>\n<tr style=\"height: 24px;\">\n<td style=\"height: 24px; width: 251px;\">Quota massima:<\/td>\n<td style=\"height: 24px; width: 430px;\"><strong> 1850 m s.l.m.<\/strong><\/td>\n<\/tr>\n<tr style=\"height: 24px;\">\n<td style=\"height: 24px; width: 251px;\">Tipo itinerario: anello o lineare<\/td>\n<td style=\"height: 24px; width: 430px;\"><strong>A\/R lineare<\/strong><\/td>\n<\/tr>\n<tr style=\"height: 24px;\">\n<td style=\"height: 24px; width: 251px;\">Difficolt\u00e0:<\/td>\n<td style=\"height: 24px; width: 430px;\"><strong>E, Itinerario privo di difficolt\u00e0 tecniche particolari, prestare attenzione in caso di nebbia. Potrebbe essere difficoltoso l&rsquo;imbocco del sentiero nel punto di guado a causa dell&rsquo;erba alta<\/strong><\/td>\n<\/tr>\n<\/tbody>\n<\/table>\n<p>&nbsp;<\/p>\n<p><strong>Il Cammino di San Magno<\/strong><\/p>\n<p><img loading=\"lazy\" decoding=\"async\" class=\"alignnone size-full wp-image-516\" src=\"https:\/\/www.albergodellapace.it\/wp-content\/uploads\/2017\/05\/mappasanmagno.jpg\" alt=\"\" width=\"670\" height=\"424\" \/><\/p>\n<table style=\"width: 691px; height: 215px;\">\n<tbody>\n<tr style=\"height: 24px;\">\n<td style=\"height: 24px; width: 251px;\">Luogo di partenza:<\/td>\n<td style=\"height: 24px; width: 430px;\"><strong>Campomolino, di fronte al municipio<\/strong><\/td>\n<\/tr>\n<tr style=\"height: 24px;\">\n<td style=\"height: 24px; width: 251px;\">Partenza \/ Arrivo: (m s.l.m.)<\/td>\n<td style=\"height: 24px; width: 430px;\"><strong>1155<\/strong><\/td>\n<\/tr>\n<tr style=\"height: 24px;\">\n<td style=\"height: 24px; width: 251px;\">Tempo di percorrenza:<\/td>\n<td style=\"height: 24px; width: 430px;\"><strong>A+R 5h<\/strong><\/td>\n<\/tr>\n<tr style=\"height: 24px;\">\n<td style=\"height: 24px; width: 251px;\">Dislivello:<\/td>\n<td style=\"height: 24px; width: 430px;\"><strong>d+ 700m<\/strong><\/td>\n<\/tr>\n<tr style=\"height: 24px;\">\n<td style=\"height: 24px; width: 251px;\">Quota massima:<\/td>\n<td style=\"height: 24px; width: 430px;\"><strong>1750 m s.l.m.<\/strong><\/td>\n<\/tr>\n<tr style=\"height: 24px;\">\n<td style=\"height: 24px; width: 251px;\">Tipo itinerario: anello o lineare<\/td>\n<td style=\"height: 24px; width: 430px;\"><strong>A\/R sullo stesso percorso<\/strong><\/td>\n<\/tr>\n<tr style=\"height: 24px;\">\n<td style=\"height: 24px; width: 251px;\">Difficolt\u00e0:<\/td>\n<td style=\"height: 24px; width: 430px;\"><strong>E, Itinerario privo di difficolt\u00e0 tecniche particolari, con diversi sbocchi possibili sulla strada provinciale<\/strong><\/td>\n<\/tr>\n<\/tbody>\n<\/table>\n<p>&nbsp;<\/p>\n<p><strong>La Grotta del Ghiaccio &#8211; Pertus d&rsquo;la Patarassa<\/strong><\/p>\n<p><img loading=\"lazy\" decoding=\"async\" class=\"alignnone size-full wp-image-516\" src=\"https:\/\/www.albergodellapace.it\/wp-content\/uploads\/2017\/05\/mappaghiaccio.jpg\" alt=\"\" width=\"670\" height=\"424\" \/><\/p>\n<table style=\"width: 691px; height: 215px;\">\n<tbody>\n<tr style=\"height: 24px;\">\n<td style=\"height: 24px; width: 251px;\">Luogo di partenza:<\/td>\n<td style=\"height: 24px; width: 430px;\"><strong>Santuario di San Magno &#8211; Castelmagno<\/strong><\/td>\n<\/tr>\n<tr style=\"height: 24px;\">\n<td style=\"height: 24px; width: 251px;\">Partenza \/ Arrivo: (m s.l.m.)<\/td>\n<td style=\"height: 24px; width: 430px;\"><strong>1750<\/strong><\/td>\n<\/tr>\n<tr style=\"height: 24px;\">\n<td style=\"height: 24px; width: 251px;\">Tempo di percorrenza:<\/td>\n<td style=\"height: 24px; width: 430px;\"><strong>A+R 4,30 h<\/strong><\/td>\n<\/tr>\n<tr style=\"height: 24px;\">\n<td style=\"height: 24px; width: 251px;\">Dislivello:<\/td>\n<td style=\"height: 24px; width: 430px;\"><strong>totale d+ 800m<\/strong><\/td>\n<\/tr>\n<tr style=\"height: 24px;\">\n<td style=\"height: 24px; width: 251px;\">Quota massima:<\/td>\n<td style=\"height: 24px; width: 430px;\"><strong>2190 m s.l.m.<\/strong><\/td>\n<\/tr>\n<tr style=\"height: 24px;\">\n<td style=\"height: 24px; width: 251px;\">Tipo itinerario: anello o lineare<\/td>\n<td style=\"height: 24px; width: 430px;\"><strong>A\/R sullo stesso percorso<\/strong><\/td>\n<\/tr>\n<tr style=\"height: 24px;\">\n<td style=\"height: 24px; width: 251px;\">Difficolt\u00e0:<\/td>\n<td style=\"height: 24px; width: 430px;\"><strong>EE, Itinerario privo di difficolt\u00e0 tecniche particolari presenta alcuni tratti ripidi<\/strong><\/td>\n<\/tr>\n<\/tbody>\n<\/table>\n<p>&nbsp;<\/p>\n<p><strong>La Via del Dusu<\/strong><\/p>\n<p><img loading=\"lazy\" decoding=\"async\" class=\"alignnone size-full wp-image-516\" src=\"https:\/\/www.albergodellapace.it\/wp-content\/uploads\/2017\/05\/mappadusu.jpg\" alt=\"\" width=\"670\" height=\"424\" \/><\/p>\n<table style=\"width: 691px; height: 215px;\">\n<tbody>\n<tr style=\"height: 24px;\">\n<td style=\"height: 24px; width: 251px;\">Luogo di partenza:<\/td>\n<td style=\"height: 24px; width: 430px;\"><strong>Caraglio, presso il Filatoio Rosso<\/strong><\/td>\n<\/tr>\n<tr style=\"height: 24px;\">\n<td style=\"height: 24px; width: 251px;\">Partenza \/ Arrivo: (m s.l.m.)<\/td>\n<td style=\"height: 24px; width: 430px;\"><strong>535<\/strong><\/td>\n<\/tr>\n<tr style=\"height: 24px;\">\n<td style=\"height: 24px; width: 251px;\">Tempo di percorrenza:<\/td>\n<td style=\"height: 24px; width: 430px;\"><strong>6h<\/strong><\/td>\n<\/tr>\n<tr style=\"height: 24px;\">\n<td style=\"height: 24px; width: 251px;\">Dislivello:<\/td>\n<td style=\"height: 24px; width: 430px;\"><strong>430 m<\/strong><\/td>\n<\/tr>\n<tr style=\"height: 24px;\">\n<td style=\"height: 24px; width: 251px;\">Quota massima:<\/td>\n<td style=\"height: 24px; width: 430px;\"><strong>970 m s.l.m.<\/strong><\/td>\n<\/tr>\n<tr style=\"height: 24px;\">\n<td style=\"height: 24px; width: 251px;\">Tipo itinerario: anello o lineare<\/td>\n<td style=\"height: 24px; width: 430px;\"><strong>anello<\/strong><\/td>\n<\/tr>\n<tr style=\"height: 24px;\">\n<td style=\"height: 24px; width: 251px;\">Difficolt\u00e0:<\/td>\n<td style=\"height: 24px; width: 430px;\"><strong>E, Itinerario privo di difficolt\u00e0 tecniche. Possibilit\u00e0 di scegliere anello oppure a\/r sullo stesso itinerario; possibilit\u00e0 di pasto in struttura a Montemale<\/strong><\/td>\n<\/tr>\n<\/tbody>\n<\/table>\n<p>&nbsp;<\/p>\n<p><strong>Le borgate dai destini incrociati<\/strong><\/p>\n<p><img loading=\"lazy\" decoding=\"async\" class=\"alignnone size-full wp-image-516\" src=\"https:\/\/www.albergodellapace.it\/wp-content\/uploads\/2017\/05\/mappadestini.jpg\" alt=\"\" width=\"670\" height=\"424\" \/><\/p>\n<table style=\"width: 691px; height: 215px;\">\n<tbody>\n<tr style=\"height: 24px;\">\n<td style=\"height: 24px; width: 251px;\">Luogo di partenza:<\/td>\n<td style=\"height: 24px; width: 430px;\"><strong>Fraz. Colletto di Castelmagno<\/strong><\/td>\n<\/tr>\n<tr style=\"height: 24px;\">\n<td style=\"height: 24px; width: 251px;\">Partenza \/ Arrivo: (m s.l.m.)<\/td>\n<td style=\"height: 24px; width: 430px;\"><strong>1300<\/strong><\/td>\n<\/tr>\n<tr style=\"height: 24px;\">\n<td style=\"height: 24px; width: 251px;\">Tempo percorrenza:<\/td>\n<td style=\"height: 24px; width: 430px;\"><strong>?H<\/strong><\/td>\n<\/tr>\n<tr style=\"height: 24px;\">\n<td style=\"height: 24px; width: 251px;\">Dislivello:<\/td>\n<td style=\"height: 24px; width: 430px;\"><strong>d+ 700m<\/strong><\/td>\n<\/tr>\n<tr style=\"height: 24px;\">\n<td style=\"height: 24px; width: 251px;\">Quota massima:<\/td>\n<td style=\"height: 24px; width: 430px;\"><strong>1750 m s.l.m.<\/strong><\/td>\n<\/tr>\n<tr style=\"height: 24px;\">\n<td style=\"height: 24px; width: 251px;\">Tipo itinerario: anello o lineare<\/td>\n<td style=\"height: 24px; width: 430px;\"><strong>anello<\/strong><\/td>\n<\/tr>\n<tr style=\"height: 24px;\">\n<td style=\"height: 24px; width: 251px;\">Difficolt\u00e0:<\/td>\n<td style=\"height: 24px; width: 430px;\"><strong>EE, Itinerario dalle difficolt\u00e0 tecniche non elevatissime, tuttavia caratterizzato da alcuni punti in cui occorre la massima attenzione per la presenza di rocce viscide ed esposizione del percorso<\/strong><\/td>\n<\/tr>\n<\/tbody>\n<\/table>\n<p>&nbsp;<\/p>\n<p><strong>Le Laouziere &#8211; Cave di ardesia<\/strong><\/p>\n<p><img loading=\"lazy\" decoding=\"async\" class=\"alignnone size-full wp-image-516\" src=\"https:\/\/www.albergodellapace.it\/wp-content\/uploads\/2017\/05\/mappacave.jpg\" alt=\"\" width=\"670\" height=\"424\" \/><\/p>\n<table style=\"width: 691px; height: 215px;\">\n<tbody>\n<tr style=\"height: 24px;\">\n<td style=\"height: 24px; width: 251px;\">Luogo di partenza:<\/td>\n<td style=\"height: 24px; width: 430px;\"><strong>San Pietro Monterosso, piazza della Chiesa<\/strong><\/td>\n<\/tr>\n<tr style=\"height: 24px;\">\n<td style=\"height: 24px; width: 251px;\">Partenza \/ Arrivo: (m s.l.m.)<\/td>\n<td style=\"height: 24px; width: 430px;\"><strong>820<\/strong><\/td>\n<\/tr>\n<tr style=\"height: 24px;\">\n<td style=\"height: 24px; width: 251px;\">Tempo percorrenza:<\/td>\n<td style=\"height: 24px; width: 430px;\"><strong>A+R 3h<\/strong><\/td>\n<\/tr>\n<tr style=\"height: 24px;\">\n<td style=\"height: 24px; width: 251px;\">Dislivello:<\/td>\n<td style=\"height: 24px; width: 430px;\"><strong>d+ 180m<\/strong><\/td>\n<\/tr>\n<tr style=\"height: 24px;\">\n<td style=\"height: 24px; width: 251px;\">Quota massima:<\/td>\n<td style=\"height: 24px; width: 430px;\"><strong>880 m s.l.m.<\/strong><\/td>\n<\/tr>\n<tr style=\"height: 24px;\">\n<td style=\"height: 24px; width: 251px;\">Tipo itinerario: anello o lineare<\/td>\n<td style=\"height: 24px; width: 430px;\"><strong>anello<\/strong><\/td>\n<\/tr>\n<tr style=\"height: 24px;\">\n<td style=\"height: 24px; width: 251px;\">Difficolt\u00e0:<\/td>\n<td style=\"height: 24px; width: 430px;\"><strong>E, Itinerario privo di difficolt\u00e0 tecniche particolari, con due km di asfalto in partenza. Prestare molta attenzione agli ingressi delle cave durante il percorso<\/strong><\/td>\n<\/tr>\n<\/tbody>\n<\/table>\n<p>&nbsp;<\/p>\n<p><strong>San Matteo &#8211; Sentieri partigiani<\/strong><\/p>\n<p><img loading=\"lazy\" decoding=\"async\" class=\"alignnone wp-image-1032 size-full\" src=\"https:\/\/www.albergodellapace.it\/wp-content\/uploads\/2017\/04\/sentieri-partigiani.jpg\" alt=\"\" width=\"551\" height=\"409\" srcset=\"https:\/\/www.albergodellapace.it\/wp-content\/uploads\/2017\/04\/sentieri-partigiani.jpg 551w, https:\/\/www.albergodellapace.it\/wp-content\/uploads\/2017\/04\/sentieri-partigiani-300x223.jpg 300w\" sizes=\"(max-width: 551px) 100vw, 551px\" \/><\/p>\n<table style=\"width: 691px; height: 215px;\">\n<tbody>\n<tr style=\"height: 24px;\">\n<td style=\"height: 24px; width: 251px;\">Luogo di partenza:<\/td>\n<td style=\"height: 24px; width: 430px;\"><strong>Fraz. San Matteo di Valgrana sulla piazza della Chiesa<\/strong><\/td>\n<\/tr>\n<tr style=\"height: 24px;\">\n<td style=\"height: 24px; width: 251px;\">Partenza \/ Arrivo: (m s.l.m.)<\/td>\n<td style=\"height: 24px; width: 430px;\"><strong>1020<\/strong><\/td>\n<\/tr>\n<tr style=\"height: 24px;\">\n<td style=\"height: 24px; width: 251px;\">Tempo percorrenza:<\/td>\n<td style=\"height: 24px; width: 430px;\"><strong>6h<\/strong><\/td>\n<\/tr>\n<tr style=\"height: 24px;\">\n<td style=\"height: 24px; width: 251px;\">Dislivello:<\/td>\n<td style=\"height: 24px; width: 430px;\"><strong>d+ 850m<\/strong><\/td>\n<\/tr>\n<tr style=\"height: 24px;\">\n<td style=\"height: 24px; width: 251px;\">Quota massima:<\/td>\n<td style=\"height: 24px; width: 430px;\"><strong>1640 m s.l.m.<\/strong><\/td>\n<\/tr>\n<tr style=\"height: 24px;\">\n<td style=\"height: 24px; width: 251px;\">Tipo itinerario: anello o lineare<\/td>\n<td style=\"height: 24px; width: 430px;\"><strong>anello<\/strong><\/td>\n<\/tr>\n<tr style=\"height: 24px;\">\n<td style=\"height: 24px; width: 251px;\">Difficolt\u00e0:<\/td>\n<td style=\"height: 24px; width: 430px;\"><strong>E, Itinerario privo di difficolt\u00e0 tecniche particolari, prestare attenzione in caso di nebbia sulla parte pi\u00f9 alta; possibile arrestarsi al Rifugio Paraloup<\/strong><\/td>\n<\/tr>\n<\/tbody>\n<\/table>\n<p><\/p>","protected":false},"excerpt":{"rendered":"<p>Barma Granda e i siti di interesse comunitario Luogo di partenza: Pradleves, piazza del Municipio Partenza \/ Arrivo: (m s.l.m.) 800 Tempo di percorrenza: 4h Dislivello: d+ 350 Quota massima: 1150 m s.l.m. Tipo itinerario: anello o lineare Anello con breve digressione Difficolt\u00e0: E, Itinerario privo di difficolt\u00e0 tecniche particolari, scarsit\u00e0 di acqua sul percorso&#8230;<\/p>\n","protected":false},"author":1,"featured_media":0,"parent":0,"menu_order":0,"comment_status":"closed","ping_status":"closed","template":"","meta":{"footnotes":""},"aioseo_notices":[],"_links":{"self":[{"href":"https:\/\/www.albergodellapace.it\/fr\/wp-json\/wp\/v2\/pages\/286"}],"collection":[{"href":"https:\/\/www.albergodellapace.it\/fr\/wp-json\/wp\/v2\/pages"}],"about":[{"href":"https:\/\/www.albergodellapace.it\/fr\/wp-json\/wp\/v2\/types\/page"}],"author":[{"embeddable":true,"href":"https:\/\/www.albergodellapace.it\/fr\/wp-json\/wp\/v2\/users\/1"}],"replies":[{"embeddable":true,"href":"https:\/\/www.albergodellapace.it\/fr\/wp-json\/wp\/v2\/comments?post=286"}],"version-history":[{"count":20,"href":"https:\/\/www.albergodellapace.it\/fr\/wp-json\/wp\/v2\/pages\/286\/revisions"}],"predecessor-version":[{"id":1333,"href":"https:\/\/www.albergodellapace.it\/fr\/wp-json\/wp\/v2\/pages\/286\/revisions\/1333"}],"wp:attachment":[{"href":"https:\/\/www.albergodellapace.it\/fr\/wp-json\/wp\/v2\/media?parent=286"}],"curies":[{"name":"wp","href":"https:\/\/api.w.org\/{rel}","templated":true}]}}