{"id":276,"date":"2017-04-04T17:24:09","date_gmt":"2017-04-04T15:24:09","guid":{"rendered":"http:\/\/www.albergodellapace.it\/?page_id=276"},"modified":"2018-04-28T16:24:28","modified_gmt":"2018-04-28T14:24:28","slug":"servizi-per-gli-escursionisti","status":"publish","type":"page","link":"https:\/\/www.albergodellapace.it\/de\/servizi-per-gli-escursionisti\/","title":{"rendered":"Serviceleistungen f\u00fcr Wanderer"},"content":{"rendered":"<p><span style=\"font-size: 18pt;\"><strong><span style=\"color: #745e41;\">SERVICELEISTUNGEN\u00a0F\u00dcR WANDERER<\/span><\/strong><\/span><\/p>\n<p>Wandern im Grana-Tal bedeutet, sich auf eine echte Entdeckungstour zu begeben, in einem Gebiet, das dem breiten Publikum noch weitgehend unbekannt ist, das aber in jedem Winkel von Reichtum an Natur und Geschichte erz\u00e4hlt. Ob ihr \u00fcppige W\u00e4lder m\u00f6gt, nach seltenen und farbenfrohen Bl\u00fcten Ausschau haltet oder die weiten, offenen Fl\u00e4chen der Almen liebt, unser kleines Tal wird euch einzigartige Gef\u00fchle bescheren. Und wenn ihr zwischen tiefen T\u00e4lern und Steilh\u00e4ngen entfernte Melodien vernehmt, dann seid unbesorgt: Es sind die okzitanischen Berge, die euch gr\u00fc\u00dfen und euch willkommen hei\u00dfen!<br \/>\nUm euren Wanderurlaub perfekt zu gestalten, haben wir die folgenden Service-Leistungen erdacht:<\/p>\n<table>\n<tbody>\n<tr style=\"height: 59px;\">\n<td style=\"height: 59px; width: 542px;\">\n<h2>WANDER-SERVICE-LEISTUNGEN<\/h2>\n<\/td>\n<td style=\"height: 59px; width: 281px; text-align: center;\">\n<h2>INKLUSIVE<\/h2>\n<\/td>\n<\/tr>\n<tr style=\"height: 37px;\">\n<td style=\"height: 37px; width: 542px;\">Transfer-Service f\u00fcr Touren, die nicht am Hotel starten, und Abholung, f\u00fcr Touren, die nicht am Hotel enden<\/td>\n<td style=\"text-align: center; height: 37px; width: 281px;\">Extrakosten<\/td>\n<\/tr>\n<tr style=\"height: 36px;\">\n<td style=\"height: 36px; width: 542px;\">Ausr\u00fcstungs-Verleih (Wanderst\u00f6cke und Rucks\u00e4cke)<\/td>\n<td style=\"text-align: center; height: 36px; width: 281px;\">Extrakosten<\/td>\n<\/tr>\n<tr style=\"height: 38px;\">\n<td style=\"height: 38px; width: 542px;\">E-Bike-Verleih<\/td>\n<td style=\"text-align: center; height: 38px; width: 281px;\">Extrakosten<\/td>\n<\/tr>\n<tr style=\"height: 37px;\">\n<td style=\"height: 37px; width: 542px;\">Karten- und Informationsecke<\/td>\n<td style=\"text-align: center; height: 37px; width: 281px;\"><img decoding=\"async\" src=\"https:\/\/www.albergodellapace.it\/wp-content\/uploads\/incluso.png\" \/><\/td>\n<\/tr>\n<tr style=\"height: 34px;\">\n<td style=\"height: 34px; width: 542px;\">T\u00e4glicher W\u00e4scheservice<\/td>\n<td style=\"height: 34px; text-align: center; width: 281px;\"><img decoding=\"async\" src=\"https:\/\/www.albergodellapace.it\/wp-content\/uploads\/incluso.png\" \/><\/td>\n<\/tr>\n<tr style=\"height: 37px;\">\n<td style=\"height: 37px; width: 542px;\">GPS-Karten<\/td>\n<td style=\"text-align: center; height: 37px; width: 281px;\"><img decoding=\"async\" src=\"https:\/\/www.albergodellapace.it\/wp-content\/uploads\/incluso.png\" \/><\/td>\n<\/tr>\n<tr style=\"height: 36px;\">\n<td style=\"height: 36px; width: 542px;\">GPS-Ger\u00e4te-Verleih<\/td>\n<td style=\"height: 36px; text-align: center; width: 281px;\">Extrakosten<\/td>\n<\/tr>\n<\/tbody>\n<\/table>\n<p>Weitere Service-Leistungen<br \/>\nWer die Seele dieses kleinen Alpenwinkels gr\u00fcndlich entdecken m\u00f6chte, dem schlagen wir die Begleitung durch einen von der Region Piemont zugelassenen Naturf\u00fchrer vor. Wir legen euren Urlaub in die H\u00e4nde echter Fachleute, damit eure Zufriedenheit und Sicherheit garantiert sind! Unsere F\u00fchrer sind echte \u201eEingeborene\u201c, die hier geboren und aufgewachsen sind und beschlossen haben, ihren Beruf hier in diesem Gebiet auszu\u00fcben. Ihr m\u00fcsst sie nur noch auf die Probe stellen!<\/p>\n<table>\n<tbody>\n<tr style=\"height: 32px;\">\n<td style=\"height: 32px; width: 542px;\">E-Bike-Verleih<\/td>\n<td style=\"height: 32px; text-align: center; width: 281px;\">Extrakosten<\/td>\n<\/tr>\n<tr style=\"height: 32px;\">\n<td style=\"height: 32px; width: 542px;\">Naturf\u00fchrer<\/td>\n<td style=\"height: 32px; text-align: center; width: 281px;\">Extrakosten<\/td>\n<\/tr>\n<\/tbody>\n<\/table>\n<p>Die Naturf\u00fchrer veranschaulichen die Wanderungen mit besonderer Aufmerksamkeit in Hinblick auf:<\/p>\n<p>\u2013 Wanderroute<br \/>\n\u2013 H\u00f6henmeter<br \/>\n\u2013 Zeitpunkt des Treffens<br \/>\n\u2013 Zeitpunkt der R\u00fcckkehr<br \/>\n\u2013 zu verwendende Ausr\u00fcstung<br \/>\n\u2013 Verpflegungsm\u00f6glichkeiten unterwegs<\/p>\n<p>Wanderungen, Klettersteige, Erfahrungen im Hochgebirge&#8230; ein Hauch von Abenteuer weht im Grana-Tal!<\/p>","protected":false},"excerpt":{"rendered":"<p>SERVICELEISTUNGEN\u00a0F\u00dcR WANDERER Wandern im Grana-Tal bedeutet, sich auf eine echte Entdeckungstour zu begeben, in einem Gebiet, das dem breiten Publikum noch weitgehend unbekannt ist, das aber in jedem Winkel von Reichtum an Natur und Geschichte erz\u00e4hlt. Ob ihr \u00fcppige W\u00e4lder m\u00f6gt, nach seltenen und farbenfrohen Bl\u00fcten Ausschau haltet oder die weiten, offenen Fl\u00e4chen der Almen&#8230;<\/p>\n","protected":false},"author":1,"featured_media":0,"parent":0,"menu_order":0,"comment_status":"closed","ping_status":"closed","template":"","meta":{"footnotes":""},"aioseo_notices":[],"_links":{"self":[{"href":"https:\/\/www.albergodellapace.it\/de\/wp-json\/wp\/v2\/pages\/276"}],"collection":[{"href":"https:\/\/www.albergodellapace.it\/de\/wp-json\/wp\/v2\/pages"}],"about":[{"href":"https:\/\/www.albergodellapace.it\/de\/wp-json\/wp\/v2\/types\/page"}],"author":[{"embeddable":true,"href":"https:\/\/www.albergodellapace.it\/de\/wp-json\/wp\/v2\/users\/1"}],"replies":[{"embeddable":true,"href":"https:\/\/www.albergodellapace.it\/de\/wp-json\/wp\/v2\/comments?post=276"}],"version-history":[{"count":20,"href":"https:\/\/www.albergodellapace.it\/de\/wp-json\/wp\/v2\/pages\/276\/revisions"}],"predecessor-version":[{"id":1331,"href":"https:\/\/www.albergodellapace.it\/de\/wp-json\/wp\/v2\/pages\/276\/revisions\/1331"}],"wp:attachment":[{"href":"https:\/\/www.albergodellapace.it\/de\/wp-json\/wp\/v2\/media?parent=276"}],"curies":[{"name":"wp","href":"https:\/\/api.w.org\/{rel}","templated":true}]}}